{"id":7200,"date":"2026-03-31T11:33:32","date_gmt":"2026-03-31T11:33:32","guid":{"rendered":"https:\/\/villamariaturismo.com.ar\/deporte-turismo\/?post_type=tribe_events&#038;p=7200"},"modified":"2026-03-31T11:33:51","modified_gmt":"2026-03-31T11:33:51","slug":"misa-criolla-con-juan-fuentes-y-ramon-alvarez","status":"publish","type":"tribe_events","link":"https:\/\/villamariaturismo.com.ar\/deporte-turismo\/event\/misa-criolla-con-juan-fuentes-y-ramon-alvarez\/","title":{"rendered":"Misa Criolla con Juan Fuentes y Ram\u00f3n Alvarez"},"content":{"rendered":"<p>Gran cierre ser\u00e1 el domingo desde las 18 hs, con Juan Fuentes interpretando la Misa Criolla. Adem\u00e1s el show de Ram\u00f3n \u00c1lvarez.<\/p>\n<p class=\"MuiTypography-root MuiTypography-body1 css-vzo51x\">Explanada de la Iglesia Catedral<\/p>\n<p class=\"MuiTypography-root MuiTypography-body1 css-vzo51x\">Gratuito<\/p>\n","protected":false},"excerpt":{"rendered":"<p>Gran cierre ser\u00e1 el domingo desde las 18 hs, con Juan Fuentes interpretando la Misa Criolla. Adem\u00e1s el show de Ram\u00f3n \u00c1lvarez. Explanada de la Iglesia Catedral Gratuito<\/p>\n","protected":false},"author":3,"featured_media":7201,"template":"","meta":{"_acf_changed":false,"_tribe_events_status":"","_tribe_events_status_reason":"","footnotes":""},"tags":[],"tribe_events_cat":[],"class_list":["post-7200","tribe_events","type-tribe_events","status-publish","has-post-thumbnail","hentry"],"acf":[],"yoast_head":"<!-- This site is optimized with the Yoast SEO plugin v26.8 - https:\/\/yoast.com\/product\/yoast-seo-wordpress\/ -->\n<title>Misa Criolla con Juan Fuentes y Ram\u00f3n Alvarez - Villa Mar\u00eda Deporte y Turismo<\/title>\n<meta name=\"robots\" content=\"index, follow, max-snippet:-1, max-image-preview:large, max-video-preview:-1\" \/>\n<link rel=\"canonical\" href=\"https:\/\/villamariaturismo.com.ar\/deporte-turismo\/event\/misa-criolla-con-juan-fuentes-y-ramon-alvarez\/\" \/>\n<meta property=\"og:locale\" content=\"es_ES\" \/>\n<meta property=\"og:type\" content=\"article\" \/>\n<meta property=\"og:title\" content=\"Misa Criolla con Juan Fuentes y Ram\u00f3n Alvarez - Villa Mar\u00eda Deporte y Turismo\" \/>\n<meta property=\"og:description\" content=\"Gran cierre ser\u00e1 el domingo desde las 18 hs, con Juan Fuentes interpretando la Misa Criolla. Adem\u00e1s el show de Ram\u00f3n \u00c1lvarez. Explanada de la Iglesia Catedral Gratuito\" \/>\n<meta property=\"og:url\" content=\"https:\/\/villamariaturismo.com.ar\/deporte-turismo\/event\/misa-criolla-con-juan-fuentes-y-ramon-alvarez\/\" \/>\n<meta property=\"og:site_name\" content=\"Villa Mar\u00eda Deporte y Turismo\" \/>\n<meta property=\"article:modified_time\" content=\"2026-03-31T11:33:51+00:00\" \/>\n<meta property=\"og:image\" content=\"https:\/\/villamariaturismo.com.ar\/deporte-turismo\/wp-content\/uploads\/2026\/03\/image_0Bol2ZI.jpg\" \/>\n\t<meta property=\"og:image:width\" content=\"411\" \/>\n\t<meta property=\"og:image:height\" content=\"537\" \/>\n\t<meta property=\"og:image:type\" content=\"image\/jpeg\" \/>\n<meta name=\"twitter:card\" content=\"summary_large_image\" \/>\n<meta name=\"twitter:label1\" content=\"Tiempo de lectura\" \/>\n\t<meta name=\"twitter:data1\" content=\"1 minuto\" \/>\n<script type=\"application\/ld+json\" class=\"yoast-schema-graph\">{\"@context\":\"https:\/\/schema.org\",\"@graph\":[{\"@type\":\"WebPage\",\"@id\":\"https:\/\/villamariaturismo.com.ar\/deporte-turismo\/event\/misa-criolla-con-juan-fuentes-y-ramon-alvarez\/\",\"url\":\"https:\/\/villamariaturismo.com.ar\/deporte-turismo\/event\/misa-criolla-con-juan-fuentes-y-ramon-alvarez\/\",\"name\":\"Misa Criolla con Juan Fuentes y Ram\u00f3n Alvarez - Villa Mar\u00eda Deporte y Turismo\",\"isPartOf\":{\"@id\":\"https:\/\/villamariaturismo.com.ar\/deporte-turismo\/#website\"},\"primaryImageOfPage\":{\"@id\":\"https:\/\/villamariaturismo.com.ar\/deporte-turismo\/event\/misa-criolla-con-juan-fuentes-y-ramon-alvarez\/#primaryimage\"},\"image\":{\"@id\":\"https:\/\/villamariaturismo.com.ar\/deporte-turismo\/event\/misa-criolla-con-juan-fuentes-y-ramon-alvarez\/#primaryimage\"},\"thumbnailUrl\":\"https:\/\/villamariaturismo.com.ar\/deporte-turismo\/wp-content\/uploads\/2026\/03\/image_0Bol2ZI.jpg\",\"datePublished\":\"2026-03-31T11:33:32+00:00\",\"dateModified\":\"2026-03-31T11:33:51+00:00\",\"breadcrumb\":{\"@id\":\"https:\/\/villamariaturismo.com.ar\/deporte-turismo\/event\/misa-criolla-con-juan-fuentes-y-ramon-alvarez\/#breadcrumb\"},\"inLanguage\":\"es\",\"potentialAction\":[{\"@type\":\"ReadAction\",\"target\":[\"https:\/\/villamariaturismo.com.ar\/deporte-turismo\/event\/misa-criolla-con-juan-fuentes-y-ramon-alvarez\/\"]}]},{\"@type\":\"ImageObject\",\"inLanguage\":\"es\",\"@id\":\"https:\/\/villamariaturismo.com.ar\/deporte-turismo\/event\/misa-criolla-con-juan-fuentes-y-ramon-alvarez\/#primaryimage\",\"url\":\"https:\/\/villamariaturismo.com.ar\/deporte-turismo\/wp-content\/uploads\/2026\/03\/image_0Bol2ZI.jpg\",\"contentUrl\":\"https:\/\/villamariaturismo.com.ar\/deporte-turismo\/wp-content\/uploads\/2026\/03\/image_0Bol2ZI.jpg\",\"width\":411,\"height\":537},{\"@type\":\"BreadcrumbList\",\"@id\":\"https:\/\/villamariaturismo.com.ar\/deporte-turismo\/event\/misa-criolla-con-juan-fuentes-y-ramon-alvarez\/#breadcrumb\",\"itemListElement\":[{\"@type\":\"ListItem\",\"position\":1,\"name\":\"Portada\",\"item\":\"https:\/\/villamariaturismo.com.ar\/deporte-turismo\/\"},{\"@type\":\"ListItem\",\"position\":2,\"name\":\"Eventos\",\"item\":\"http:\/\/villamariaturismo.com.ar\/deporte-turismo\/events\/\"},{\"@type\":\"ListItem\",\"position\":3,\"name\":\"Misa Criolla con Juan Fuentes y Ram\u00f3n Alvarez\"}]},{\"@type\":\"WebSite\",\"@id\":\"https:\/\/villamariaturismo.com.ar\/deporte-turismo\/#website\",\"url\":\"https:\/\/villamariaturismo.com.ar\/deporte-turismo\/\",\"name\":\"Villa Maria Deporte y Turismo\",\"description\":\"Secretaria de deporte y turismo de Villa Mar\u00eda\",\"publisher\":{\"@id\":\"https:\/\/villamariaturismo.com.ar\/deporte-turismo\/#organization\"},\"potentialAction\":[{\"@type\":\"SearchAction\",\"target\":{\"@type\":\"EntryPoint\",\"urlTemplate\":\"https:\/\/villamariaturismo.com.ar\/deporte-turismo\/?s={search_term_string}\"},\"query-input\":{\"@type\":\"PropertyValueSpecification\",\"valueRequired\":true,\"valueName\":\"search_term_string\"}}],\"inLanguage\":\"es\"},{\"@type\":\"Organization\",\"@id\":\"https:\/\/villamariaturismo.com.ar\/deporte-turismo\/#organization\",\"name\":\"Villa Maria Deporte y Turismo\",\"url\":\"https:\/\/villamariaturismo.com.ar\/deporte-turismo\/\",\"logo\":{\"@type\":\"ImageObject\",\"inLanguage\":\"es\",\"@id\":\"https:\/\/villamariaturismo.com.ar\/deporte-turismo\/#\/schema\/logo\/image\/\",\"url\":\"https:\/\/villamariaturismo.com.ar\/deporte-turismo\/wp-content\/uploads\/2024\/11\/logo_tte-e1730601264887.png\",\"contentUrl\":\"https:\/\/villamariaturismo.com.ar\/deporte-turismo\/wp-content\/uploads\/2024\/11\/logo_tte-e1730601264887.png\",\"width\":580,\"height\":290,\"caption\":\"Villa Maria Deporte y Turismo\"},\"image\":{\"@id\":\"https:\/\/villamariaturismo.com.ar\/deporte-turismo\/#\/schema\/logo\/image\/\"},\"sameAs\":[\"https:\/\/www.instagram.com\/villamariaturismo\/?hl=es\"]}]}<\/script>\n<!-- \/ Yoast SEO plugin. -->","yoast_head_json":{"title":"Misa Criolla con Juan Fuentes y Ram\u00f3n Alvarez - Villa Mar\u00eda Deporte y Turismo","robots":{"index":"index","follow":"follow","max-snippet":"max-snippet:-1","max-image-preview":"max-image-preview:large","max-video-preview":"max-video-preview:-1"},"canonical":"https:\/\/villamariaturismo.com.ar\/deporte-turismo\/event\/misa-criolla-con-juan-fuentes-y-ramon-alvarez\/","og_locale":"es_ES","og_type":"article","og_title":"Misa Criolla con Juan Fuentes y Ram\u00f3n Alvarez - Villa Mar\u00eda Deporte y Turismo","og_description":"Gran cierre ser\u00e1 el domingo desde las 18 hs, con Juan Fuentes interpretando la Misa Criolla. Adem\u00e1s el show de Ram\u00f3n \u00c1lvarez. Explanada de la Iglesia Catedral Gratuito","og_url":"https:\/\/villamariaturismo.com.ar\/deporte-turismo\/event\/misa-criolla-con-juan-fuentes-y-ramon-alvarez\/","og_site_name":"Villa Mar\u00eda Deporte y Turismo","article_modified_time":"2026-03-31T11:33:51+00:00","og_image":[{"width":411,"height":537,"url":"https:\/\/villamariaturismo.com.ar\/deporte-turismo\/wp-content\/uploads\/2026\/03\/image_0Bol2ZI.jpg","type":"image\/jpeg"}],"twitter_card":"summary_large_image","twitter_misc":{"Tiempo de lectura":"1 minuto"},"schema":{"@context":"https:\/\/schema.org","@graph":[{"@type":"WebPage","@id":"https:\/\/villamariaturismo.com.ar\/deporte-turismo\/event\/misa-criolla-con-juan-fuentes-y-ramon-alvarez\/","url":"https:\/\/villamariaturismo.com.ar\/deporte-turismo\/event\/misa-criolla-con-juan-fuentes-y-ramon-alvarez\/","name":"Misa Criolla con Juan Fuentes y Ram\u00f3n Alvarez - Villa Mar\u00eda Deporte y Turismo","isPartOf":{"@id":"https:\/\/villamariaturismo.com.ar\/deporte-turismo\/#website"},"primaryImageOfPage":{"@id":"https:\/\/villamariaturismo.com.ar\/deporte-turismo\/event\/misa-criolla-con-juan-fuentes-y-ramon-alvarez\/#primaryimage"},"image":{"@id":"https:\/\/villamariaturismo.com.ar\/deporte-turismo\/event\/misa-criolla-con-juan-fuentes-y-ramon-alvarez\/#primaryimage"},"thumbnailUrl":"https:\/\/villamariaturismo.com.ar\/deporte-turismo\/wp-content\/uploads\/2026\/03\/image_0Bol2ZI.jpg","datePublished":"2026-03-31T11:33:32+00:00","dateModified":"2026-03-31T11:33:51+00:00","breadcrumb":{"@id":"https:\/\/villamariaturismo.com.ar\/deporte-turismo\/event\/misa-criolla-con-juan-fuentes-y-ramon-alvarez\/#breadcrumb"},"inLanguage":"es","potentialAction":[{"@type":"ReadAction","target":["https:\/\/villamariaturismo.com.ar\/deporte-turismo\/event\/misa-criolla-con-juan-fuentes-y-ramon-alvarez\/"]}]},{"@type":"ImageObject","inLanguage":"es","@id":"https:\/\/villamariaturismo.com.ar\/deporte-turismo\/event\/misa-criolla-con-juan-fuentes-y-ramon-alvarez\/#primaryimage","url":"https:\/\/villamariaturismo.com.ar\/deporte-turismo\/wp-content\/uploads\/2026\/03\/image_0Bol2ZI.jpg","contentUrl":"https:\/\/villamariaturismo.com.ar\/deporte-turismo\/wp-content\/uploads\/2026\/03\/image_0Bol2ZI.jpg","width":411,"height":537},{"@type":"BreadcrumbList","@id":"https:\/\/villamariaturismo.com.ar\/deporte-turismo\/event\/misa-criolla-con-juan-fuentes-y-ramon-alvarez\/#breadcrumb","itemListElement":[{"@type":"ListItem","position":1,"name":"Portada","item":"https:\/\/villamariaturismo.com.ar\/deporte-turismo\/"},{"@type":"ListItem","position":2,"name":"Eventos","item":"http:\/\/villamariaturismo.com.ar\/deporte-turismo\/events\/"},{"@type":"ListItem","position":3,"name":"Misa Criolla con Juan Fuentes y Ram\u00f3n Alvarez"}]},{"@type":"WebSite","@id":"https:\/\/villamariaturismo.com.ar\/deporte-turismo\/#website","url":"https:\/\/villamariaturismo.com.ar\/deporte-turismo\/","name":"Villa Maria Deporte y Turismo","description":"Secretaria de deporte y turismo de Villa Mar\u00eda","publisher":{"@id":"https:\/\/villamariaturismo.com.ar\/deporte-turismo\/#organization"},"potentialAction":[{"@type":"SearchAction","target":{"@type":"EntryPoint","urlTemplate":"https:\/\/villamariaturismo.com.ar\/deporte-turismo\/?s={search_term_string}"},"query-input":{"@type":"PropertyValueSpecification","valueRequired":true,"valueName":"search_term_string"}}],"inLanguage":"es"},{"@type":"Organization","@id":"https:\/\/villamariaturismo.com.ar\/deporte-turismo\/#organization","name":"Villa Maria Deporte y Turismo","url":"https:\/\/villamariaturismo.com.ar\/deporte-turismo\/","logo":{"@type":"ImageObject","inLanguage":"es","@id":"https:\/\/villamariaturismo.com.ar\/deporte-turismo\/#\/schema\/logo\/image\/","url":"https:\/\/villamariaturismo.com.ar\/deporte-turismo\/wp-content\/uploads\/2024\/11\/logo_tte-e1730601264887.png","contentUrl":"https:\/\/villamariaturismo.com.ar\/deporte-turismo\/wp-content\/uploads\/2024\/11\/logo_tte-e1730601264887.png","width":580,"height":290,"caption":"Villa Maria Deporte y Turismo"},"image":{"@id":"https:\/\/villamariaturismo.com.ar\/deporte-turismo\/#\/schema\/logo\/image\/"},"sameAs":["https:\/\/www.instagram.com\/villamariaturismo\/?hl=es"]}]}},"_links":{"self":[{"href":"https:\/\/villamariaturismo.com.ar\/deporte-turismo\/wp-json\/wp\/v2\/tribe_events\/7200","targetHints":{"allow":["GET"]}}],"collection":[{"href":"https:\/\/villamariaturismo.com.ar\/deporte-turismo\/wp-json\/wp\/v2\/tribe_events"}],"about":[{"href":"https:\/\/villamariaturismo.com.ar\/deporte-turismo\/wp-json\/wp\/v2\/types\/tribe_events"}],"author":[{"embeddable":true,"href":"https:\/\/villamariaturismo.com.ar\/deporte-turismo\/wp-json\/wp\/v2\/users\/3"}],"version-history":[{"count":1,"href":"https:\/\/villamariaturismo.com.ar\/deporte-turismo\/wp-json\/wp\/v2\/tribe_events\/7200\/revisions"}],"predecessor-version":[{"id":7202,"href":"https:\/\/villamariaturismo.com.ar\/deporte-turismo\/wp-json\/wp\/v2\/tribe_events\/7200\/revisions\/7202"}],"wp:featuredmedia":[{"embeddable":true,"href":"https:\/\/villamariaturismo.com.ar\/deporte-turismo\/wp-json\/wp\/v2\/media\/7201"}],"wp:attachment":[{"href":"https:\/\/villamariaturismo.com.ar\/deporte-turismo\/wp-json\/wp\/v2\/media?parent=7200"}],"wp:term":[{"taxonomy":"post_tag","embeddable":true,"href":"https:\/\/villamariaturismo.com.ar\/deporte-turismo\/wp-json\/wp\/v2\/tags?post=7200"},{"taxonomy":"tribe_events_cat","embeddable":true,"href":"https:\/\/villamariaturismo.com.ar\/deporte-turismo\/wp-json\/wp\/v2\/tribe_events_cat?post=7200"}],"curies":[{"name":"wp","href":"https:\/\/api.w.org\/{rel}","templated":true}]}}