{"id":6735,"date":"2026-02-25T23:55:14","date_gmt":"2026-02-25T23:55:14","guid":{"rendered":"https:\/\/villamariaturismo.com.ar\/deporte-turismo\/?post_type=tribe_events&#038;p=6735"},"modified":"2026-02-25T23:55:41","modified_gmt":"2026-02-25T23:55:41","slug":"recital-de-ariel-teto-maggi-y-german-galdeano-vol-2","status":"publish","type":"tribe_events","link":"https:\/\/villamariaturismo.com.ar\/deporte-turismo\/event\/recital-de-ariel-teto-maggi-y-german-galdeano-vol-2\/","title":{"rendered":"Recital de Ariel \u00abTeto\u00bb Maggi y Germ\u00e1n Galdeano Vol.2"},"content":{"rendered":"<p>La noticia que necesitabas para empezar el finde!!<\/p>\n<p>El reencuentro m\u00e1s esperado por toda Latinoam\u00e9rica unida&#8230;<\/p>\n<p>Teto Ariel Maggi y Germ\u00e1n Galdeano Vol. 2<\/p>\n<p>&#x1f4cd;Casa Cholula &#8211; Salta y M\u00e9xico, Villa Mar\u00eda<br \/>\n&#x1f39f;&#xfe0f; Entrada gratuita &#8211; Reservas en <a class=\"x1i10hfl xjbqb8w x1ejq31n x18oe1m7 x1sy0etr xstzfhl x972fbf x10w94by x1qhh985 x14e42zd x9f619 x1ypdohk xt0psk2 x3ct3a4 xdj266r x14z9mp xat24cr x1lziwak xexx8yu xyri2b x18d9i69 x1c1uobl x16tdsg8 x1hl2dhg xggy1nq x1a2a7pz notranslate _a6hd\" role=\"link\" href=\"https:\/\/www.instagram.com\/cholulavm\/\">@cholulavm<\/a><\/p>\n","protected":false},"excerpt":{"rendered":"<p>La noticia que necesitabas para empezar el finde!! El reencuentro m\u00e1s esperado por toda Latinoam\u00e9rica unida&#8230; Teto Ariel Maggi y Germ\u00e1n Galdeano Vol. 2 &#x1f4cd;Casa Cholula &#8211; Salta y M\u00e9xico, [&hellip;]<\/p>\n","protected":false},"author":3,"featured_media":6736,"template":"","meta":{"_acf_changed":false,"_tribe_events_status":"","_tribe_events_status_reason":"","footnotes":""},"tags":[],"tribe_events_cat":[],"class_list":["post-6735","tribe_events","type-tribe_events","status-publish","has-post-thumbnail","hentry"],"acf":[],"yoast_head":"<!-- This site is optimized with the Yoast SEO plugin v26.8 - https:\/\/yoast.com\/product\/yoast-seo-wordpress\/ -->\n<title>Recital de Ariel &quot;Teto&quot; Maggi y Germ\u00e1n Galdeano Vol.2 - Villa Mar\u00eda Deporte y Turismo<\/title>\n<meta name=\"robots\" content=\"index, follow, max-snippet:-1, max-image-preview:large, max-video-preview:-1\" \/>\n<link rel=\"canonical\" href=\"https:\/\/villamariaturismo.com.ar\/deporte-turismo\/event\/recital-de-ariel-teto-maggi-y-german-galdeano-vol-2\/\" \/>\n<meta property=\"og:locale\" content=\"es_ES\" \/>\n<meta property=\"og:type\" content=\"article\" \/>\n<meta property=\"og:title\" content=\"Recital de Ariel &quot;Teto&quot; Maggi y Germ\u00e1n Galdeano Vol.2 - Villa Mar\u00eda Deporte y Turismo\" \/>\n<meta property=\"og:description\" content=\"La noticia que necesitabas para empezar el finde!! El reencuentro m\u00e1s esperado por toda Latinoam\u00e9rica unida&#8230; Teto Ariel Maggi y Germ\u00e1n Galdeano Vol. 2 &#x1f4cd;Casa Cholula &#8211; Salta y M\u00e9xico, [&hellip;]\" \/>\n<meta property=\"og:url\" content=\"https:\/\/villamariaturismo.com.ar\/deporte-turismo\/event\/recital-de-ariel-teto-maggi-y-german-galdeano-vol-2\/\" \/>\n<meta property=\"og:site_name\" content=\"Villa Mar\u00eda Deporte y Turismo\" \/>\n<meta property=\"article:modified_time\" content=\"2026-02-25T23:55:41+00:00\" \/>\n<meta property=\"og:image\" content=\"https:\/\/villamariaturismo.com.ar\/deporte-turismo\/wp-content\/uploads\/2026\/02\/image_UA4NUPW.jpg\" \/>\n\t<meta property=\"og:image:width\" content=\"404\" \/>\n\t<meta property=\"og:image:height\" content=\"519\" \/>\n\t<meta property=\"og:image:type\" content=\"image\/jpeg\" \/>\n<meta name=\"twitter:card\" content=\"summary_large_image\" \/>\n<meta name=\"twitter:label1\" content=\"Tiempo de lectura\" \/>\n\t<meta name=\"twitter:data1\" content=\"1 minuto\" \/>\n<script type=\"application\/ld+json\" class=\"yoast-schema-graph\">{\"@context\":\"https:\/\/schema.org\",\"@graph\":[{\"@type\":\"WebPage\",\"@id\":\"https:\/\/villamariaturismo.com.ar\/deporte-turismo\/event\/recital-de-ariel-teto-maggi-y-german-galdeano-vol-2\/\",\"url\":\"https:\/\/villamariaturismo.com.ar\/deporte-turismo\/event\/recital-de-ariel-teto-maggi-y-german-galdeano-vol-2\/\",\"name\":\"Recital de Ariel \\\"Teto\\\" Maggi y Germ\u00e1n Galdeano Vol.2 - Villa Mar\u00eda Deporte y Turismo\",\"isPartOf\":{\"@id\":\"https:\/\/villamariaturismo.com.ar\/deporte-turismo\/#website\"},\"primaryImageOfPage\":{\"@id\":\"https:\/\/villamariaturismo.com.ar\/deporte-turismo\/event\/recital-de-ariel-teto-maggi-y-german-galdeano-vol-2\/#primaryimage\"},\"image\":{\"@id\":\"https:\/\/villamariaturismo.com.ar\/deporte-turismo\/event\/recital-de-ariel-teto-maggi-y-german-galdeano-vol-2\/#primaryimage\"},\"thumbnailUrl\":\"https:\/\/villamariaturismo.com.ar\/deporte-turismo\/wp-content\/uploads\/2026\/02\/image_UA4NUPW.jpg\",\"datePublished\":\"2026-02-25T23:55:14+00:00\",\"dateModified\":\"2026-02-25T23:55:41+00:00\",\"breadcrumb\":{\"@id\":\"https:\/\/villamariaturismo.com.ar\/deporte-turismo\/event\/recital-de-ariel-teto-maggi-y-german-galdeano-vol-2\/#breadcrumb\"},\"inLanguage\":\"es\",\"potentialAction\":[{\"@type\":\"ReadAction\",\"target\":[\"https:\/\/villamariaturismo.com.ar\/deporte-turismo\/event\/recital-de-ariel-teto-maggi-y-german-galdeano-vol-2\/\"]}]},{\"@type\":\"ImageObject\",\"inLanguage\":\"es\",\"@id\":\"https:\/\/villamariaturismo.com.ar\/deporte-turismo\/event\/recital-de-ariel-teto-maggi-y-german-galdeano-vol-2\/#primaryimage\",\"url\":\"https:\/\/villamariaturismo.com.ar\/deporte-turismo\/wp-content\/uploads\/2026\/02\/image_UA4NUPW.jpg\",\"contentUrl\":\"https:\/\/villamariaturismo.com.ar\/deporte-turismo\/wp-content\/uploads\/2026\/02\/image_UA4NUPW.jpg\",\"width\":404,\"height\":519},{\"@type\":\"BreadcrumbList\",\"@id\":\"https:\/\/villamariaturismo.com.ar\/deporte-turismo\/event\/recital-de-ariel-teto-maggi-y-german-galdeano-vol-2\/#breadcrumb\",\"itemListElement\":[{\"@type\":\"ListItem\",\"position\":1,\"name\":\"Portada\",\"item\":\"https:\/\/villamariaturismo.com.ar\/deporte-turismo\/\"},{\"@type\":\"ListItem\",\"position\":2,\"name\":\"Eventos\",\"item\":\"http:\/\/villamariaturismo.com.ar\/deporte-turismo\/events\/\"},{\"@type\":\"ListItem\",\"position\":3,\"name\":\"Recital de Ariel \u00abTeto\u00bb Maggi y Germ\u00e1n Galdeano Vol.2\"}]},{\"@type\":\"WebSite\",\"@id\":\"https:\/\/villamariaturismo.com.ar\/deporte-turismo\/#website\",\"url\":\"https:\/\/villamariaturismo.com.ar\/deporte-turismo\/\",\"name\":\"Villa Maria Deporte y Turismo\",\"description\":\"Secretaria de deporte y turismo de Villa Mar\u00eda\",\"publisher\":{\"@id\":\"https:\/\/villamariaturismo.com.ar\/deporte-turismo\/#organization\"},\"potentialAction\":[{\"@type\":\"SearchAction\",\"target\":{\"@type\":\"EntryPoint\",\"urlTemplate\":\"https:\/\/villamariaturismo.com.ar\/deporte-turismo\/?s={search_term_string}\"},\"query-input\":{\"@type\":\"PropertyValueSpecification\",\"valueRequired\":true,\"valueName\":\"search_term_string\"}}],\"inLanguage\":\"es\"},{\"@type\":\"Organization\",\"@id\":\"https:\/\/villamariaturismo.com.ar\/deporte-turismo\/#organization\",\"name\":\"Villa Maria Deporte y Turismo\",\"url\":\"https:\/\/villamariaturismo.com.ar\/deporte-turismo\/\",\"logo\":{\"@type\":\"ImageObject\",\"inLanguage\":\"es\",\"@id\":\"https:\/\/villamariaturismo.com.ar\/deporte-turismo\/#\/schema\/logo\/image\/\",\"url\":\"https:\/\/villamariaturismo.com.ar\/deporte-turismo\/wp-content\/uploads\/2024\/11\/logo_tte-e1730601264887.png\",\"contentUrl\":\"https:\/\/villamariaturismo.com.ar\/deporte-turismo\/wp-content\/uploads\/2024\/11\/logo_tte-e1730601264887.png\",\"width\":580,\"height\":290,\"caption\":\"Villa Maria Deporte y Turismo\"},\"image\":{\"@id\":\"https:\/\/villamariaturismo.com.ar\/deporte-turismo\/#\/schema\/logo\/image\/\"},\"sameAs\":[\"https:\/\/www.instagram.com\/villamariaturismo\/?hl=es\"]}]}<\/script>\n<!-- \/ Yoast SEO plugin. -->","yoast_head_json":{"title":"Recital de Ariel \"Teto\" Maggi y Germ\u00e1n Galdeano Vol.2 - Villa Mar\u00eda Deporte y Turismo","robots":{"index":"index","follow":"follow","max-snippet":"max-snippet:-1","max-image-preview":"max-image-preview:large","max-video-preview":"max-video-preview:-1"},"canonical":"https:\/\/villamariaturismo.com.ar\/deporte-turismo\/event\/recital-de-ariel-teto-maggi-y-german-galdeano-vol-2\/","og_locale":"es_ES","og_type":"article","og_title":"Recital de Ariel \"Teto\" Maggi y Germ\u00e1n Galdeano Vol.2 - Villa Mar\u00eda Deporte y Turismo","og_description":"La noticia que necesitabas para empezar el finde!! El reencuentro m\u00e1s esperado por toda Latinoam\u00e9rica unida&#8230; Teto Ariel Maggi y Germ\u00e1n Galdeano Vol. 2 &#x1f4cd;Casa Cholula &#8211; Salta y M\u00e9xico, [&hellip;]","og_url":"https:\/\/villamariaturismo.com.ar\/deporte-turismo\/event\/recital-de-ariel-teto-maggi-y-german-galdeano-vol-2\/","og_site_name":"Villa Mar\u00eda Deporte y Turismo","article_modified_time":"2026-02-25T23:55:41+00:00","og_image":[{"width":404,"height":519,"url":"https:\/\/villamariaturismo.com.ar\/deporte-turismo\/wp-content\/uploads\/2026\/02\/image_UA4NUPW.jpg","type":"image\/jpeg"}],"twitter_card":"summary_large_image","twitter_misc":{"Tiempo de lectura":"1 minuto"},"schema":{"@context":"https:\/\/schema.org","@graph":[{"@type":"WebPage","@id":"https:\/\/villamariaturismo.com.ar\/deporte-turismo\/event\/recital-de-ariel-teto-maggi-y-german-galdeano-vol-2\/","url":"https:\/\/villamariaturismo.com.ar\/deporte-turismo\/event\/recital-de-ariel-teto-maggi-y-german-galdeano-vol-2\/","name":"Recital de Ariel \"Teto\" Maggi y Germ\u00e1n Galdeano Vol.2 - Villa Mar\u00eda Deporte y Turismo","isPartOf":{"@id":"https:\/\/villamariaturismo.com.ar\/deporte-turismo\/#website"},"primaryImageOfPage":{"@id":"https:\/\/villamariaturismo.com.ar\/deporte-turismo\/event\/recital-de-ariel-teto-maggi-y-german-galdeano-vol-2\/#primaryimage"},"image":{"@id":"https:\/\/villamariaturismo.com.ar\/deporte-turismo\/event\/recital-de-ariel-teto-maggi-y-german-galdeano-vol-2\/#primaryimage"},"thumbnailUrl":"https:\/\/villamariaturismo.com.ar\/deporte-turismo\/wp-content\/uploads\/2026\/02\/image_UA4NUPW.jpg","datePublished":"2026-02-25T23:55:14+00:00","dateModified":"2026-02-25T23:55:41+00:00","breadcrumb":{"@id":"https:\/\/villamariaturismo.com.ar\/deporte-turismo\/event\/recital-de-ariel-teto-maggi-y-german-galdeano-vol-2\/#breadcrumb"},"inLanguage":"es","potentialAction":[{"@type":"ReadAction","target":["https:\/\/villamariaturismo.com.ar\/deporte-turismo\/event\/recital-de-ariel-teto-maggi-y-german-galdeano-vol-2\/"]}]},{"@type":"ImageObject","inLanguage":"es","@id":"https:\/\/villamariaturismo.com.ar\/deporte-turismo\/event\/recital-de-ariel-teto-maggi-y-german-galdeano-vol-2\/#primaryimage","url":"https:\/\/villamariaturismo.com.ar\/deporte-turismo\/wp-content\/uploads\/2026\/02\/image_UA4NUPW.jpg","contentUrl":"https:\/\/villamariaturismo.com.ar\/deporte-turismo\/wp-content\/uploads\/2026\/02\/image_UA4NUPW.jpg","width":404,"height":519},{"@type":"BreadcrumbList","@id":"https:\/\/villamariaturismo.com.ar\/deporte-turismo\/event\/recital-de-ariel-teto-maggi-y-german-galdeano-vol-2\/#breadcrumb","itemListElement":[{"@type":"ListItem","position":1,"name":"Portada","item":"https:\/\/villamariaturismo.com.ar\/deporte-turismo\/"},{"@type":"ListItem","position":2,"name":"Eventos","item":"http:\/\/villamariaturismo.com.ar\/deporte-turismo\/events\/"},{"@type":"ListItem","position":3,"name":"Recital de Ariel \u00abTeto\u00bb Maggi y Germ\u00e1n Galdeano Vol.2"}]},{"@type":"WebSite","@id":"https:\/\/villamariaturismo.com.ar\/deporte-turismo\/#website","url":"https:\/\/villamariaturismo.com.ar\/deporte-turismo\/","name":"Villa Maria Deporte y Turismo","description":"Secretaria de deporte y turismo de Villa Mar\u00eda","publisher":{"@id":"https:\/\/villamariaturismo.com.ar\/deporte-turismo\/#organization"},"potentialAction":[{"@type":"SearchAction","target":{"@type":"EntryPoint","urlTemplate":"https:\/\/villamariaturismo.com.ar\/deporte-turismo\/?s={search_term_string}"},"query-input":{"@type":"PropertyValueSpecification","valueRequired":true,"valueName":"search_term_string"}}],"inLanguage":"es"},{"@type":"Organization","@id":"https:\/\/villamariaturismo.com.ar\/deporte-turismo\/#organization","name":"Villa Maria Deporte y Turismo","url":"https:\/\/villamariaturismo.com.ar\/deporte-turismo\/","logo":{"@type":"ImageObject","inLanguage":"es","@id":"https:\/\/villamariaturismo.com.ar\/deporte-turismo\/#\/schema\/logo\/image\/","url":"https:\/\/villamariaturismo.com.ar\/deporte-turismo\/wp-content\/uploads\/2024\/11\/logo_tte-e1730601264887.png","contentUrl":"https:\/\/villamariaturismo.com.ar\/deporte-turismo\/wp-content\/uploads\/2024\/11\/logo_tte-e1730601264887.png","width":580,"height":290,"caption":"Villa Maria Deporte y Turismo"},"image":{"@id":"https:\/\/villamariaturismo.com.ar\/deporte-turismo\/#\/schema\/logo\/image\/"},"sameAs":["https:\/\/www.instagram.com\/villamariaturismo\/?hl=es"]}]}},"_links":{"self":[{"href":"https:\/\/villamariaturismo.com.ar\/deporte-turismo\/wp-json\/wp\/v2\/tribe_events\/6735","targetHints":{"allow":["GET"]}}],"collection":[{"href":"https:\/\/villamariaturismo.com.ar\/deporte-turismo\/wp-json\/wp\/v2\/tribe_events"}],"about":[{"href":"https:\/\/villamariaturismo.com.ar\/deporte-turismo\/wp-json\/wp\/v2\/types\/tribe_events"}],"author":[{"embeddable":true,"href":"https:\/\/villamariaturismo.com.ar\/deporte-turismo\/wp-json\/wp\/v2\/users\/3"}],"version-history":[{"count":1,"href":"https:\/\/villamariaturismo.com.ar\/deporte-turismo\/wp-json\/wp\/v2\/tribe_events\/6735\/revisions"}],"predecessor-version":[{"id":6737,"href":"https:\/\/villamariaturismo.com.ar\/deporte-turismo\/wp-json\/wp\/v2\/tribe_events\/6735\/revisions\/6737"}],"wp:featuredmedia":[{"embeddable":true,"href":"https:\/\/villamariaturismo.com.ar\/deporte-turismo\/wp-json\/wp\/v2\/media\/6736"}],"wp:attachment":[{"href":"https:\/\/villamariaturismo.com.ar\/deporte-turismo\/wp-json\/wp\/v2\/media?parent=6735"}],"wp:term":[{"taxonomy":"post_tag","embeddable":true,"href":"https:\/\/villamariaturismo.com.ar\/deporte-turismo\/wp-json\/wp\/v2\/tags?post=6735"},{"taxonomy":"tribe_events_cat","embeddable":true,"href":"https:\/\/villamariaturismo.com.ar\/deporte-turismo\/wp-json\/wp\/v2\/tribe_events_cat?post=6735"}],"curies":[{"name":"wp","href":"https:\/\/api.w.org\/{rel}","templated":true}]}}