{"id":4988,"date":"2025-09-19T17:57:21","date_gmt":"2025-09-19T17:57:21","guid":{"rendered":"https:\/\/villamariaturismo.com.ar\/deporte-turismo\/?post_type=tribe_events&#038;p=4988"},"modified":"2025-09-19T17:57:21","modified_gmt":"2025-09-19T17:57:21","slug":"festival-primavera-mundial-con-viva-elastico","status":"publish","type":"tribe_events","link":"https:\/\/villamariaturismo.com.ar\/deporte-turismo\/event\/festival-primavera-mundial-con-viva-elastico\/","title":{"rendered":"Festival \u00abPrimavera Mundial\u00bb con Viva El\u00e1stico"},"content":{"rendered":"<p>Llegan los d\u00edas m\u00e1s lindos del a\u00f1o y lo celebramos con otra edici\u00f3n de PRIMAVERA MUNDIAL!<\/p>\n<p class=\"MuiTypography-root MuiTypography-body1 css-7lfzwt\">En vivo: @vivaelastico y @el_ultimo_power_ranger<\/p>\n<p class=\"MuiTypography-root MuiTypography-body1 css-7lfzwt\">Musicalizan: @masradiovm DJ set ( @el.kayman y @veramayco_ )<\/p>\n<p>Tickets por dm: @mati_zabalavm @regiovv<\/p>\n<p>Direcci\u00f3n: Regio (C\u00e1rcano 76)<\/p>\n","protected":false},"excerpt":{"rendered":"<p>Llegan los d\u00edas m\u00e1s lindos del a\u00f1o y lo celebramos con otra edici\u00f3n de PRIMAVERA MUNDIAL! En vivo: @vivaelastico y @el_ultimo_power_ranger Musicalizan: @masradiovm DJ set ( @el.kayman y @veramayco_ ) [&hellip;]<\/p>\n","protected":false},"author":3,"featured_media":4989,"template":"","meta":{"_acf_changed":false,"_tribe_events_status":"","_tribe_events_status_reason":"","footnotes":""},"tags":[],"tribe_events_cat":[],"class_list":["post-4988","tribe_events","type-tribe_events","status-publish","has-post-thumbnail","hentry"],"acf":[],"yoast_head":"<!-- This site is optimized with the Yoast SEO plugin v26.8 - https:\/\/yoast.com\/product\/yoast-seo-wordpress\/ -->\n<title>Festival &quot;Primavera Mundial&quot; con Viva El\u00e1stico - Villa Mar\u00eda Deporte y Turismo<\/title>\n<meta name=\"robots\" content=\"index, follow, max-snippet:-1, max-image-preview:large, max-video-preview:-1\" \/>\n<link rel=\"canonical\" href=\"https:\/\/villamariaturismo.com.ar\/deporte-turismo\/event\/festival-primavera-mundial-con-viva-elastico\/\" \/>\n<meta property=\"og:locale\" content=\"es_ES\" \/>\n<meta property=\"og:type\" content=\"article\" \/>\n<meta property=\"og:title\" content=\"Festival &quot;Primavera Mundial&quot; con Viva El\u00e1stico - Villa Mar\u00eda Deporte y Turismo\" \/>\n<meta property=\"og:description\" content=\"Llegan los d\u00edas m\u00e1s lindos del a\u00f1o y lo celebramos con otra edici\u00f3n de PRIMAVERA MUNDIAL! En vivo: @vivaelastico y @el_ultimo_power_ranger Musicalizan: @masradiovm DJ set ( @el.kayman y @veramayco_ ) [&hellip;]\" \/>\n<meta property=\"og:url\" content=\"https:\/\/villamariaturismo.com.ar\/deporte-turismo\/event\/festival-primavera-mundial-con-viva-elastico\/\" \/>\n<meta property=\"og:site_name\" content=\"Villa Mar\u00eda Deporte y Turismo\" \/>\n<meta property=\"og:image\" content=\"https:\/\/villamariaturismo.com.ar\/deporte-turismo\/wp-content\/uploads\/2025\/09\/image_Guu0m1N.jpeg\" \/>\n\t<meta property=\"og:image:width\" content=\"291\" \/>\n\t<meta property=\"og:image:height\" content=\"484\" \/>\n\t<meta property=\"og:image:type\" content=\"image\/jpeg\" \/>\n<meta name=\"twitter:card\" content=\"summary_large_image\" \/>\n<meta name=\"twitter:label1\" content=\"Tiempo de lectura\" \/>\n\t<meta name=\"twitter:data1\" content=\"1 minuto\" \/>\n<script type=\"application\/ld+json\" class=\"yoast-schema-graph\">{\"@context\":\"https:\/\/schema.org\",\"@graph\":[{\"@type\":\"WebPage\",\"@id\":\"https:\/\/villamariaturismo.com.ar\/deporte-turismo\/event\/festival-primavera-mundial-con-viva-elastico\/\",\"url\":\"https:\/\/villamariaturismo.com.ar\/deporte-turismo\/event\/festival-primavera-mundial-con-viva-elastico\/\",\"name\":\"Festival \\\"Primavera Mundial\\\" con Viva El\u00e1stico - Villa Mar\u00eda Deporte y Turismo\",\"isPartOf\":{\"@id\":\"https:\/\/villamariaturismo.com.ar\/deporte-turismo\/#website\"},\"primaryImageOfPage\":{\"@id\":\"https:\/\/villamariaturismo.com.ar\/deporte-turismo\/event\/festival-primavera-mundial-con-viva-elastico\/#primaryimage\"},\"image\":{\"@id\":\"https:\/\/villamariaturismo.com.ar\/deporte-turismo\/event\/festival-primavera-mundial-con-viva-elastico\/#primaryimage\"},\"thumbnailUrl\":\"https:\/\/villamariaturismo.com.ar\/deporte-turismo\/wp-content\/uploads\/2025\/09\/image_Guu0m1N.jpeg\",\"datePublished\":\"2025-09-19T17:57:21+00:00\",\"breadcrumb\":{\"@id\":\"https:\/\/villamariaturismo.com.ar\/deporte-turismo\/event\/festival-primavera-mundial-con-viva-elastico\/#breadcrumb\"},\"inLanguage\":\"es\",\"potentialAction\":[{\"@type\":\"ReadAction\",\"target\":[\"https:\/\/villamariaturismo.com.ar\/deporte-turismo\/event\/festival-primavera-mundial-con-viva-elastico\/\"]}]},{\"@type\":\"ImageObject\",\"inLanguage\":\"es\",\"@id\":\"https:\/\/villamariaturismo.com.ar\/deporte-turismo\/event\/festival-primavera-mundial-con-viva-elastico\/#primaryimage\",\"url\":\"https:\/\/villamariaturismo.com.ar\/deporte-turismo\/wp-content\/uploads\/2025\/09\/image_Guu0m1N.jpeg\",\"contentUrl\":\"https:\/\/villamariaturismo.com.ar\/deporte-turismo\/wp-content\/uploads\/2025\/09\/image_Guu0m1N.jpeg\",\"width\":291,\"height\":484},{\"@type\":\"BreadcrumbList\",\"@id\":\"https:\/\/villamariaturismo.com.ar\/deporte-turismo\/event\/festival-primavera-mundial-con-viva-elastico\/#breadcrumb\",\"itemListElement\":[{\"@type\":\"ListItem\",\"position\":1,\"name\":\"Portada\",\"item\":\"https:\/\/villamariaturismo.com.ar\/deporte-turismo\/\"},{\"@type\":\"ListItem\",\"position\":2,\"name\":\"Eventos\",\"item\":\"http:\/\/villamariaturismo.com.ar\/deporte-turismo\/events\/\"},{\"@type\":\"ListItem\",\"position\":3,\"name\":\"Festival \u00abPrimavera Mundial\u00bb con Viva El\u00e1stico\"}]},{\"@type\":\"WebSite\",\"@id\":\"https:\/\/villamariaturismo.com.ar\/deporte-turismo\/#website\",\"url\":\"https:\/\/villamariaturismo.com.ar\/deporte-turismo\/\",\"name\":\"Villa Maria Deporte y Turismo\",\"description\":\"Secretaria de deporte y turismo de Villa Mar\u00eda\",\"publisher\":{\"@id\":\"https:\/\/villamariaturismo.com.ar\/deporte-turismo\/#organization\"},\"potentialAction\":[{\"@type\":\"SearchAction\",\"target\":{\"@type\":\"EntryPoint\",\"urlTemplate\":\"https:\/\/villamariaturismo.com.ar\/deporte-turismo\/?s={search_term_string}\"},\"query-input\":{\"@type\":\"PropertyValueSpecification\",\"valueRequired\":true,\"valueName\":\"search_term_string\"}}],\"inLanguage\":\"es\"},{\"@type\":\"Organization\",\"@id\":\"https:\/\/villamariaturismo.com.ar\/deporte-turismo\/#organization\",\"name\":\"Villa Maria Deporte y Turismo\",\"url\":\"https:\/\/villamariaturismo.com.ar\/deporte-turismo\/\",\"logo\":{\"@type\":\"ImageObject\",\"inLanguage\":\"es\",\"@id\":\"https:\/\/villamariaturismo.com.ar\/deporte-turismo\/#\/schema\/logo\/image\/\",\"url\":\"https:\/\/villamariaturismo.com.ar\/deporte-turismo\/wp-content\/uploads\/2024\/11\/logo_tte-e1730601264887.png\",\"contentUrl\":\"https:\/\/villamariaturismo.com.ar\/deporte-turismo\/wp-content\/uploads\/2024\/11\/logo_tte-e1730601264887.png\",\"width\":580,\"height\":290,\"caption\":\"Villa Maria Deporte y Turismo\"},\"image\":{\"@id\":\"https:\/\/villamariaturismo.com.ar\/deporte-turismo\/#\/schema\/logo\/image\/\"},\"sameAs\":[\"https:\/\/www.instagram.com\/villamariaturismo\/?hl=es\"]}]}<\/script>\n<!-- \/ Yoast SEO plugin. -->","yoast_head_json":{"title":"Festival \"Primavera Mundial\" con Viva El\u00e1stico - Villa Mar\u00eda Deporte y Turismo","robots":{"index":"index","follow":"follow","max-snippet":"max-snippet:-1","max-image-preview":"max-image-preview:large","max-video-preview":"max-video-preview:-1"},"canonical":"https:\/\/villamariaturismo.com.ar\/deporte-turismo\/event\/festival-primavera-mundial-con-viva-elastico\/","og_locale":"es_ES","og_type":"article","og_title":"Festival \"Primavera Mundial\" con Viva El\u00e1stico - Villa Mar\u00eda Deporte y Turismo","og_description":"Llegan los d\u00edas m\u00e1s lindos del a\u00f1o y lo celebramos con otra edici\u00f3n de PRIMAVERA MUNDIAL! En vivo: @vivaelastico y @el_ultimo_power_ranger Musicalizan: @masradiovm DJ set ( @el.kayman y @veramayco_ ) [&hellip;]","og_url":"https:\/\/villamariaturismo.com.ar\/deporte-turismo\/event\/festival-primavera-mundial-con-viva-elastico\/","og_site_name":"Villa Mar\u00eda Deporte y Turismo","og_image":[{"width":291,"height":484,"url":"https:\/\/villamariaturismo.com.ar\/deporte-turismo\/wp-content\/uploads\/2025\/09\/image_Guu0m1N.jpeg","type":"image\/jpeg"}],"twitter_card":"summary_large_image","twitter_misc":{"Tiempo de lectura":"1 minuto"},"schema":{"@context":"https:\/\/schema.org","@graph":[{"@type":"WebPage","@id":"https:\/\/villamariaturismo.com.ar\/deporte-turismo\/event\/festival-primavera-mundial-con-viva-elastico\/","url":"https:\/\/villamariaturismo.com.ar\/deporte-turismo\/event\/festival-primavera-mundial-con-viva-elastico\/","name":"Festival \"Primavera Mundial\" con Viva El\u00e1stico - Villa Mar\u00eda Deporte y Turismo","isPartOf":{"@id":"https:\/\/villamariaturismo.com.ar\/deporte-turismo\/#website"},"primaryImageOfPage":{"@id":"https:\/\/villamariaturismo.com.ar\/deporte-turismo\/event\/festival-primavera-mundial-con-viva-elastico\/#primaryimage"},"image":{"@id":"https:\/\/villamariaturismo.com.ar\/deporte-turismo\/event\/festival-primavera-mundial-con-viva-elastico\/#primaryimage"},"thumbnailUrl":"https:\/\/villamariaturismo.com.ar\/deporte-turismo\/wp-content\/uploads\/2025\/09\/image_Guu0m1N.jpeg","datePublished":"2025-09-19T17:57:21+00:00","breadcrumb":{"@id":"https:\/\/villamariaturismo.com.ar\/deporte-turismo\/event\/festival-primavera-mundial-con-viva-elastico\/#breadcrumb"},"inLanguage":"es","potentialAction":[{"@type":"ReadAction","target":["https:\/\/villamariaturismo.com.ar\/deporte-turismo\/event\/festival-primavera-mundial-con-viva-elastico\/"]}]},{"@type":"ImageObject","inLanguage":"es","@id":"https:\/\/villamariaturismo.com.ar\/deporte-turismo\/event\/festival-primavera-mundial-con-viva-elastico\/#primaryimage","url":"https:\/\/villamariaturismo.com.ar\/deporte-turismo\/wp-content\/uploads\/2025\/09\/image_Guu0m1N.jpeg","contentUrl":"https:\/\/villamariaturismo.com.ar\/deporte-turismo\/wp-content\/uploads\/2025\/09\/image_Guu0m1N.jpeg","width":291,"height":484},{"@type":"BreadcrumbList","@id":"https:\/\/villamariaturismo.com.ar\/deporte-turismo\/event\/festival-primavera-mundial-con-viva-elastico\/#breadcrumb","itemListElement":[{"@type":"ListItem","position":1,"name":"Portada","item":"https:\/\/villamariaturismo.com.ar\/deporte-turismo\/"},{"@type":"ListItem","position":2,"name":"Eventos","item":"http:\/\/villamariaturismo.com.ar\/deporte-turismo\/events\/"},{"@type":"ListItem","position":3,"name":"Festival \u00abPrimavera Mundial\u00bb con Viva El\u00e1stico"}]},{"@type":"WebSite","@id":"https:\/\/villamariaturismo.com.ar\/deporte-turismo\/#website","url":"https:\/\/villamariaturismo.com.ar\/deporte-turismo\/","name":"Villa Maria Deporte y Turismo","description":"Secretaria de deporte y turismo de Villa Mar\u00eda","publisher":{"@id":"https:\/\/villamariaturismo.com.ar\/deporte-turismo\/#organization"},"potentialAction":[{"@type":"SearchAction","target":{"@type":"EntryPoint","urlTemplate":"https:\/\/villamariaturismo.com.ar\/deporte-turismo\/?s={search_term_string}"},"query-input":{"@type":"PropertyValueSpecification","valueRequired":true,"valueName":"search_term_string"}}],"inLanguage":"es"},{"@type":"Organization","@id":"https:\/\/villamariaturismo.com.ar\/deporte-turismo\/#organization","name":"Villa Maria Deporte y Turismo","url":"https:\/\/villamariaturismo.com.ar\/deporte-turismo\/","logo":{"@type":"ImageObject","inLanguage":"es","@id":"https:\/\/villamariaturismo.com.ar\/deporte-turismo\/#\/schema\/logo\/image\/","url":"https:\/\/villamariaturismo.com.ar\/deporte-turismo\/wp-content\/uploads\/2024\/11\/logo_tte-e1730601264887.png","contentUrl":"https:\/\/villamariaturismo.com.ar\/deporte-turismo\/wp-content\/uploads\/2024\/11\/logo_tte-e1730601264887.png","width":580,"height":290,"caption":"Villa Maria Deporte y Turismo"},"image":{"@id":"https:\/\/villamariaturismo.com.ar\/deporte-turismo\/#\/schema\/logo\/image\/"},"sameAs":["https:\/\/www.instagram.com\/villamariaturismo\/?hl=es"]}]}},"_links":{"self":[{"href":"https:\/\/villamariaturismo.com.ar\/deporte-turismo\/wp-json\/wp\/v2\/tribe_events\/4988","targetHints":{"allow":["GET"]}}],"collection":[{"href":"https:\/\/villamariaturismo.com.ar\/deporte-turismo\/wp-json\/wp\/v2\/tribe_events"}],"about":[{"href":"https:\/\/villamariaturismo.com.ar\/deporte-turismo\/wp-json\/wp\/v2\/types\/tribe_events"}],"author":[{"embeddable":true,"href":"https:\/\/villamariaturismo.com.ar\/deporte-turismo\/wp-json\/wp\/v2\/users\/3"}],"version-history":[{"count":1,"href":"https:\/\/villamariaturismo.com.ar\/deporte-turismo\/wp-json\/wp\/v2\/tribe_events\/4988\/revisions"}],"predecessor-version":[{"id":4990,"href":"https:\/\/villamariaturismo.com.ar\/deporte-turismo\/wp-json\/wp\/v2\/tribe_events\/4988\/revisions\/4990"}],"wp:featuredmedia":[{"embeddable":true,"href":"https:\/\/villamariaturismo.com.ar\/deporte-turismo\/wp-json\/wp\/v2\/media\/4989"}],"wp:attachment":[{"href":"https:\/\/villamariaturismo.com.ar\/deporte-turismo\/wp-json\/wp\/v2\/media?parent=4988"}],"wp:term":[{"taxonomy":"post_tag","embeddable":true,"href":"https:\/\/villamariaturismo.com.ar\/deporte-turismo\/wp-json\/wp\/v2\/tags?post=4988"},{"taxonomy":"tribe_events_cat","embeddable":true,"href":"https:\/\/villamariaturismo.com.ar\/deporte-turismo\/wp-json\/wp\/v2\/tribe_events_cat?post=4988"}],"curies":[{"name":"wp","href":"https:\/\/api.w.org\/{rel}","templated":true}]}}