{"id":1260,"date":"2024-11-11T03:17:10","date_gmt":"2024-11-11T03:17:10","guid":{"rendered":"https:\/\/villamariaturismo.com.ar\/deporte-turismo\/?post_type=tribe_events&#038;p=1260"},"modified":"2024-11-11T03:17:10","modified_gmt":"2024-11-11T03:17:10","slug":"villa-maria-celebro-los-150-anos-de-la-parroquia-inmaculada-concepcion-sede-de-la-iglesia-catedral","status":"publish","type":"tribe_events","link":"https:\/\/villamariaturismo.com.ar\/deporte-turismo\/event\/villa-maria-celebro-los-150-anos-de-la-parroquia-inmaculada-concepcion-sede-de-la-iglesia-catedral\/","title":{"rendered":"Villa Mar\u00eda celebr\u00f3 los 150 a\u00f1os de la Parroquia Inmaculada Concepci\u00f3n, sede de la Iglesia Catedral"},"content":{"rendered":"<p class=\"mb-10\">La Municipalidad de Villa Mar\u00eda informa que el intendente Eduardo Accastello particip\u00f3 este domingo de la celebraci\u00f3n lit\u00fargica por el 150\u00b0 aniversario de la creaci\u00f3n de la parroquia Inmaculada Concepci\u00f3n. En una ceremonia que fue presidida por el nuncio apost\u00f3lico, monse\u00f1or Miroslav Adamczyk, representante del papa Francisco en la Argentina, junto al Obispo Diocesano, Monse\u00f1or Samuel Jofr\u00e9 Giraudo y el cura p\u00e1rroco de la Iglesia Catedral, Pedro Luchesse.<\/p>\n<p>&nbsp;<\/p>\n<p>Encuentro Previo en el Obispado<\/p>\n<p>Previo a la celebraci\u00f3n lit\u00fargica, se llev\u00f3 a cabo una reuni\u00f3n en el Obispado de Villa Mar\u00eda, donde el intendente Accastello, junto al ministro de Educaci\u00f3n de la provincia de C\u00f3rdoba, Horacio Ferreyra, y la legisladora provincial Ver\u00f3nica Navarro<br \/>\nAlegre, mantuvieron un encuentro con el nuncio apost\u00f3lico. Durante el mismo, se abordaron tem\u00e1ticas fundamentales relacionadas a educaci\u00f3n, situaci\u00f3n social y la realidad de los j\u00f3venes en la actualidad.<\/p>\n<p>Entre los testimonios m\u00e1s destacados, el intendente Eduardo Accastello expres\u00f3:\u00a0<em><strong>\u00abLa presencia del nuncio apost\u00f3lico hoy, con las bendiciones del Papa Francisco, corona estos 150 a\u00f1os de historia donde los fieles villamarienses so\u00f1aron y construyeron esta parroquia. Este templo, bajo la protecci\u00f3n de la Virgen Mar\u00eda en su Inmaculada Concepci\u00f3n, refleja el esp\u00edritu de Villa Mar\u00eda: una ciudad plural, abierta, que abraza la fe y enfrenta sus desaf\u00edos con esperanza\u00bb.<\/strong><\/em><\/p>\n<p>En la misma l\u00ednea manifest\u00f3:\u00a0<em><strong>\u201cVilla Mar\u00eda, sin duda naci\u00f3 de la fe de los padres y familias fundadoras\u201d.<\/strong><\/em><\/p>\n<p><em><strong>\u201cla visita del nuncio es un gesto de acompa\u00f1amiento para toda la comunidad. Nos cont\u00f3 cosas muy interesantes y son aprendizajes que tenemos que tratar de receptar con mucha humildad\u201d<\/strong><\/em><\/p>\n<p><em><strong>\u201ces tiempo de paz social, de estar juntos, recibir al que piensa distinto y estar al lado del que m\u00e1s lo necesita. Son mensajes que tienen que ver con la cristiandad y la humanidad que el papa Francisco nos plantea en cada uno de los mensajes\u201d,<\/strong><\/em>\u00a0complet\u00f3.<\/p>\n<p><em>Palabras de las Autoridades Eclesi\u00e1sticas<\/em><\/p>\n<p>Durante la hist\u00f3rica celebraci\u00f3n por el sesquicentenario de la Iglesia Catedral, el nuncio apost\u00f3lico Miroslav Adamczyk destac\u00f3 el significado de su llegada Villa Mar\u00eda:\u00a0<em>Es una visita breve pero significativa, y la masiva participaci\u00f3n de los fieles en esta celebraci\u00f3n es el mejor testimonio de la fe viva de esta comunidad. Celebrar estos 150 a\u00f1os nos permite honrar a nuestros antepasados, reflexionar sobre nuestro presente y proyectarnos hacia el futuro\u00bb<\/em>, expres\u00f3 a los medios al finalizar la misa.<\/p>\n<p>Al referirse a la realidad social actual y el papel de la Iglesia, monse\u00f1or Adamczyk fue contundente:\u00a0<em>\u00abla Iglesia mantiene su compromiso inquebrantable con los sectores m\u00e1s vulnerables de la comunidad, tenemos la certeza de que los momentos dif\u00edciles son transitorios y confiamos en que pronto llegar\u00e1 una luz de esperanza que transforme esta realidad\u00bb.<\/em><\/p>\n<p>Finalmente, el representante papal en Argentina cerr\u00f3 su mensaje con una mirada esperanzadora hacia el futuro:\u00a0<em>\u00abEste aniversario nos reafirma que vale la pena vivir la fe y mantener viva la esperanza. El pr\u00f3ximo a\u00f1o 2025 ser\u00e1 un gran a\u00f1o de jubileo para toda la Iglesia, una oportunidad para renovar nuestra misi\u00f3n evangelizadora\u00bb.<\/em><\/p>\n<p>Por su parte, el Obispo Samuel Jofr\u00e9 destac\u00f3 la importancia hist\u00f3rica del momento:\u00a0<em>\u201cTenemos que dar gracias, ante todo a Dios, por tantos beneficios, es el sentido m\u00e1s hondo de la religi\u00f3n, abrirnos, conectarnos y unirnos con nuestro creador. En esta ocasi\u00f3n no podemos dejar de agradecer a la virgen que est\u00e1 en todas partes, en la iglesia que tiene a todos sus hijos y con amor. Podemos decir que derrama, con especial cari\u00f1o, su bondad sobre nosotros\u201d<\/em>, en la misma l\u00ednea, agradeci\u00f3 la presencia del nuncio apost\u00f3lico en la ciudad,\u00a0<em>\u201ces un instrumento de la unidad de la iglesia\u201d.<\/em><\/p>\n<p><em>La Celebraci\u00f3n Central<\/em><\/p>\n<p>La ceremonia cont\u00f3 con la significativa presencia de monse\u00f1or Miroslav Adamczyk, quien viaj\u00f3 especialmente desde Buenos Aires para participar de este momento hist\u00f3rico. El nuncio apost\u00f3lico, ofici\u00f3 la misa central en horas del mediod\u00eda junto a las autoridades eclesi\u00e1sticas locales, en una celebraci\u00f3n que reuni\u00f3 a cientos de fieles. Al finalizar la misma, monse\u00f1or Adamczyk expres\u00f3 sus felicitaciones a la parroquia por este aniversario.<\/p>\n<p><em>Presencias Destacadas<\/em><\/p>\n<p>La jornada cont\u00f3 con la presencia de autoridades provinciales y locales, entre ellas Daniel del Bono, representante de la Agencia C\u00f3rdoba Cultura, los legisladores provinciales Karina Bruno y Alfredo Nigro, y el presidente de la Agencia C\u00f3rdoba Turismo, Dar\u00edo Capitani.<\/p>\n<p><em>Homenajes y Reconocimientos<\/em><\/p>\n<p>Como parte de la conmemoraci\u00f3n, tras la finalizaci\u00f3n de la misa se llev\u00f3 a cabo un acto de descubrimiento de placas alusivas. El intendente Eduardo Accastello, junto a su gabinete y las autoridades eclesi\u00e1sticas, tuvo el honor de descubrir la placa municipal, mientras que tambi\u00e9n se devel\u00f3 una placa en representaci\u00f3n del gobierno de la provincia de C\u00f3rdoba. La ceremonia se complet\u00f3 con el descubrimiento de tres placas adicionales, entregadas por los legisladores provinciales, la Sociedad Italiana y la Asociaci\u00f3n Espa\u00f1ola, respectivamente.<\/p>\n<p>Como cierre, el obispo Samuel Jofr\u00e9 entreg\u00f3 \u00a0obsequios al intendente Eduardo Accastello y al ministro Horacio Ferreyra, en reconocimiento a su presencia y apoyo en esta celebraci\u00f3n sesquicentenaria.<\/p>\n<p>Luego, en una iniciativa de la Secretar\u00eda de Gobierno, Cultura y Relaciones Institucionales, las autoridades descubrieron un nuevo Totem Informativo que, mediante un c\u00f3digo QR, brinda detalles hist\u00f3ricos y culturales de la Casa Parroquial y la Iglesia Catedral.<\/p>\n<p><strong>Villa Mar\u00eda M\u00e1s Humana<\/strong><\/p>\n","protected":false},"excerpt":{"rendered":"<p>La Municipalidad de Villa Mar\u00eda informa que el intendente Eduardo Accastello particip\u00f3 este domingo de la celebraci\u00f3n lit\u00fargica por el 150\u00b0 aniversario de la creaci\u00f3n de la parroquia Inmaculada Concepci\u00f3n. [&hellip;]<\/p>\n","protected":false},"author":2,"featured_media":1261,"template":"","meta":{"_acf_changed":false,"_tribe_events_status":"","_tribe_events_status_reason":"","footnotes":""},"tags":[],"tribe_events_cat":[],"class_list":["post-1260","tribe_events","type-tribe_events","status-publish","has-post-thumbnail","hentry"],"acf":[],"yoast_head":"<!-- This site is optimized with the Yoast SEO plugin v26.8 - https:\/\/yoast.com\/product\/yoast-seo-wordpress\/ -->\n<title>Villa Mar\u00eda celebr\u00f3 los 150 a\u00f1os de la Parroquia Inmaculada Concepci\u00f3n, sede de la Iglesia Catedral - Villa Mar\u00eda Deporte y Turismo<\/title>\n<meta name=\"robots\" content=\"index, follow, max-snippet:-1, max-image-preview:large, max-video-preview:-1\" \/>\n<link rel=\"canonical\" href=\"http:\/\/villamariaturismo.com.ar\/deporte-turismo\/event\/villa-maria-celebro-los-150-anos-de-la-parroquia-inmaculada-concepcion-sede-de-la-iglesia-catedral\/\" \/>\n<meta property=\"og:locale\" content=\"es_ES\" \/>\n<meta property=\"og:type\" content=\"article\" \/>\n<meta property=\"og:title\" content=\"Villa Mar\u00eda celebr\u00f3 los 150 a\u00f1os de la Parroquia Inmaculada Concepci\u00f3n, sede de la Iglesia Catedral - Villa Mar\u00eda Deporte y Turismo\" \/>\n<meta property=\"og:description\" content=\"La Municipalidad de Villa Mar\u00eda informa que el intendente Eduardo Accastello particip\u00f3 este domingo de la celebraci\u00f3n lit\u00fargica por el 150\u00b0 aniversario de la creaci\u00f3n de la parroquia Inmaculada Concepci\u00f3n. [&hellip;]\" \/>\n<meta property=\"og:url\" content=\"http:\/\/villamariaturismo.com.ar\/deporte-turismo\/event\/villa-maria-celebro-los-150-anos-de-la-parroquia-inmaculada-concepcion-sede-de-la-iglesia-catedral\/\" \/>\n<meta property=\"og:site_name\" content=\"Villa Mar\u00eda Deporte y Turismo\" \/>\n<meta property=\"og:image\" content=\"http:\/\/villamariaturismo.com.ar\/deporte-turismo\/wp-content\/uploads\/2024\/11\/c63dc583f970490184df605e27bf7c34.jpeg\" \/>\n\t<meta property=\"og:image:width\" content=\"800\" \/>\n\t<meta property=\"og:image:height\" content=\"600\" \/>\n\t<meta property=\"og:image:type\" content=\"image\/jpeg\" \/>\n<meta name=\"twitter:card\" content=\"summary_large_image\" \/>\n<meta name=\"twitter:label1\" content=\"Tiempo de lectura\" \/>\n\t<meta name=\"twitter:data1\" content=\"5 minutos\" \/>\n<script type=\"application\/ld+json\" class=\"yoast-schema-graph\">{\"@context\":\"https:\/\/schema.org\",\"@graph\":[{\"@type\":\"WebPage\",\"@id\":\"http:\/\/villamariaturismo.com.ar\/deporte-turismo\/event\/villa-maria-celebro-los-150-anos-de-la-parroquia-inmaculada-concepcion-sede-de-la-iglesia-catedral\/\",\"url\":\"http:\/\/villamariaturismo.com.ar\/deporte-turismo\/event\/villa-maria-celebro-los-150-anos-de-la-parroquia-inmaculada-concepcion-sede-de-la-iglesia-catedral\/\",\"name\":\"Villa Mar\u00eda celebr\u00f3 los 150 a\u00f1os de la Parroquia Inmaculada Concepci\u00f3n, sede de la Iglesia Catedral - Villa Mar\u00eda Deporte y Turismo\",\"isPartOf\":{\"@id\":\"https:\/\/villamariaturismo.com.ar\/deporte-turismo\/#website\"},\"primaryImageOfPage\":{\"@id\":\"http:\/\/villamariaturismo.com.ar\/deporte-turismo\/event\/villa-maria-celebro-los-150-anos-de-la-parroquia-inmaculada-concepcion-sede-de-la-iglesia-catedral\/#primaryimage\"},\"image\":{\"@id\":\"http:\/\/villamariaturismo.com.ar\/deporte-turismo\/event\/villa-maria-celebro-los-150-anos-de-la-parroquia-inmaculada-concepcion-sede-de-la-iglesia-catedral\/#primaryimage\"},\"thumbnailUrl\":\"https:\/\/villamariaturismo.com.ar\/deporte-turismo\/wp-content\/uploads\/2024\/11\/c63dc583f970490184df605e27bf7c34.jpeg\",\"datePublished\":\"2024-11-11T03:17:10+00:00\",\"breadcrumb\":{\"@id\":\"http:\/\/villamariaturismo.com.ar\/deporte-turismo\/event\/villa-maria-celebro-los-150-anos-de-la-parroquia-inmaculada-concepcion-sede-de-la-iglesia-catedral\/#breadcrumb\"},\"inLanguage\":\"es\",\"potentialAction\":[{\"@type\":\"ReadAction\",\"target\":[\"http:\/\/villamariaturismo.com.ar\/deporte-turismo\/event\/villa-maria-celebro-los-150-anos-de-la-parroquia-inmaculada-concepcion-sede-de-la-iglesia-catedral\/\"]}]},{\"@type\":\"ImageObject\",\"inLanguage\":\"es\",\"@id\":\"http:\/\/villamariaturismo.com.ar\/deporte-turismo\/event\/villa-maria-celebro-los-150-anos-de-la-parroquia-inmaculada-concepcion-sede-de-la-iglesia-catedral\/#primaryimage\",\"url\":\"https:\/\/villamariaturismo.com.ar\/deporte-turismo\/wp-content\/uploads\/2024\/11\/c63dc583f970490184df605e27bf7c34.jpeg\",\"contentUrl\":\"https:\/\/villamariaturismo.com.ar\/deporte-turismo\/wp-content\/uploads\/2024\/11\/c63dc583f970490184df605e27bf7c34.jpeg\",\"width\":800,\"height\":600},{\"@type\":\"BreadcrumbList\",\"@id\":\"http:\/\/villamariaturismo.com.ar\/deporte-turismo\/event\/villa-maria-celebro-los-150-anos-de-la-parroquia-inmaculada-concepcion-sede-de-la-iglesia-catedral\/#breadcrumb\",\"itemListElement\":[{\"@type\":\"ListItem\",\"position\":1,\"name\":\"Portada\",\"item\":\"https:\/\/villamariaturismo.com.ar\/deporte-turismo\/\"},{\"@type\":\"ListItem\",\"position\":2,\"name\":\"Eventos\",\"item\":\"http:\/\/villamariaturismo.com.ar\/deporte-turismo\/events\/\"},{\"@type\":\"ListItem\",\"position\":3,\"name\":\"Villa Mar\u00eda celebr\u00f3 los 150 a\u00f1os de la Parroquia Inmaculada Concepci\u00f3n, sede de la Iglesia Catedral\"}]},{\"@type\":\"WebSite\",\"@id\":\"https:\/\/villamariaturismo.com.ar\/deporte-turismo\/#website\",\"url\":\"https:\/\/villamariaturismo.com.ar\/deporte-turismo\/\",\"name\":\"Villa Maria Deporte y Turismo\",\"description\":\"Secretaria de deporte y turismo de Villa Mar\u00eda\",\"publisher\":{\"@id\":\"https:\/\/villamariaturismo.com.ar\/deporte-turismo\/#organization\"},\"potentialAction\":[{\"@type\":\"SearchAction\",\"target\":{\"@type\":\"EntryPoint\",\"urlTemplate\":\"https:\/\/villamariaturismo.com.ar\/deporte-turismo\/?s={search_term_string}\"},\"query-input\":{\"@type\":\"PropertyValueSpecification\",\"valueRequired\":true,\"valueName\":\"search_term_string\"}}],\"inLanguage\":\"es\"},{\"@type\":\"Organization\",\"@id\":\"https:\/\/villamariaturismo.com.ar\/deporte-turismo\/#organization\",\"name\":\"Villa Maria Deporte y Turismo\",\"url\":\"https:\/\/villamariaturismo.com.ar\/deporte-turismo\/\",\"logo\":{\"@type\":\"ImageObject\",\"inLanguage\":\"es\",\"@id\":\"https:\/\/villamariaturismo.com.ar\/deporte-turismo\/#\/schema\/logo\/image\/\",\"url\":\"https:\/\/villamariaturismo.com.ar\/deporte-turismo\/wp-content\/uploads\/2024\/11\/logo_tte-e1730601264887.png\",\"contentUrl\":\"https:\/\/villamariaturismo.com.ar\/deporte-turismo\/wp-content\/uploads\/2024\/11\/logo_tte-e1730601264887.png\",\"width\":580,\"height\":290,\"caption\":\"Villa Maria Deporte y Turismo\"},\"image\":{\"@id\":\"https:\/\/villamariaturismo.com.ar\/deporte-turismo\/#\/schema\/logo\/image\/\"},\"sameAs\":[\"https:\/\/www.instagram.com\/villamariaturismo\/?hl=es\"]}]}<\/script>\n<!-- \/ Yoast SEO plugin. -->","yoast_head_json":{"title":"Villa Mar\u00eda celebr\u00f3 los 150 a\u00f1os de la Parroquia Inmaculada Concepci\u00f3n, sede de la Iglesia Catedral - Villa Mar\u00eda Deporte y Turismo","robots":{"index":"index","follow":"follow","max-snippet":"max-snippet:-1","max-image-preview":"max-image-preview:large","max-video-preview":"max-video-preview:-1"},"canonical":"http:\/\/villamariaturismo.com.ar\/deporte-turismo\/event\/villa-maria-celebro-los-150-anos-de-la-parroquia-inmaculada-concepcion-sede-de-la-iglesia-catedral\/","og_locale":"es_ES","og_type":"article","og_title":"Villa Mar\u00eda celebr\u00f3 los 150 a\u00f1os de la Parroquia Inmaculada Concepci\u00f3n, sede de la Iglesia Catedral - Villa Mar\u00eda Deporte y Turismo","og_description":"La Municipalidad de Villa Mar\u00eda informa que el intendente Eduardo Accastello particip\u00f3 este domingo de la celebraci\u00f3n lit\u00fargica por el 150\u00b0 aniversario de la creaci\u00f3n de la parroquia Inmaculada Concepci\u00f3n. [&hellip;]","og_url":"http:\/\/villamariaturismo.com.ar\/deporte-turismo\/event\/villa-maria-celebro-los-150-anos-de-la-parroquia-inmaculada-concepcion-sede-de-la-iglesia-catedral\/","og_site_name":"Villa Mar\u00eda Deporte y Turismo","og_image":[{"width":800,"height":600,"url":"http:\/\/villamariaturismo.com.ar\/deporte-turismo\/wp-content\/uploads\/2024\/11\/c63dc583f970490184df605e27bf7c34.jpeg","type":"image\/jpeg"}],"twitter_card":"summary_large_image","twitter_misc":{"Tiempo de lectura":"5 minutos"},"schema":{"@context":"https:\/\/schema.org","@graph":[{"@type":"WebPage","@id":"http:\/\/villamariaturismo.com.ar\/deporte-turismo\/event\/villa-maria-celebro-los-150-anos-de-la-parroquia-inmaculada-concepcion-sede-de-la-iglesia-catedral\/","url":"http:\/\/villamariaturismo.com.ar\/deporte-turismo\/event\/villa-maria-celebro-los-150-anos-de-la-parroquia-inmaculada-concepcion-sede-de-la-iglesia-catedral\/","name":"Villa Mar\u00eda celebr\u00f3 los 150 a\u00f1os de la Parroquia Inmaculada Concepci\u00f3n, sede de la Iglesia Catedral - Villa Mar\u00eda Deporte y Turismo","isPartOf":{"@id":"https:\/\/villamariaturismo.com.ar\/deporte-turismo\/#website"},"primaryImageOfPage":{"@id":"http:\/\/villamariaturismo.com.ar\/deporte-turismo\/event\/villa-maria-celebro-los-150-anos-de-la-parroquia-inmaculada-concepcion-sede-de-la-iglesia-catedral\/#primaryimage"},"image":{"@id":"http:\/\/villamariaturismo.com.ar\/deporte-turismo\/event\/villa-maria-celebro-los-150-anos-de-la-parroquia-inmaculada-concepcion-sede-de-la-iglesia-catedral\/#primaryimage"},"thumbnailUrl":"https:\/\/villamariaturismo.com.ar\/deporte-turismo\/wp-content\/uploads\/2024\/11\/c63dc583f970490184df605e27bf7c34.jpeg","datePublished":"2024-11-11T03:17:10+00:00","breadcrumb":{"@id":"http:\/\/villamariaturismo.com.ar\/deporte-turismo\/event\/villa-maria-celebro-los-150-anos-de-la-parroquia-inmaculada-concepcion-sede-de-la-iglesia-catedral\/#breadcrumb"},"inLanguage":"es","potentialAction":[{"@type":"ReadAction","target":["http:\/\/villamariaturismo.com.ar\/deporte-turismo\/event\/villa-maria-celebro-los-150-anos-de-la-parroquia-inmaculada-concepcion-sede-de-la-iglesia-catedral\/"]}]},{"@type":"ImageObject","inLanguage":"es","@id":"http:\/\/villamariaturismo.com.ar\/deporte-turismo\/event\/villa-maria-celebro-los-150-anos-de-la-parroquia-inmaculada-concepcion-sede-de-la-iglesia-catedral\/#primaryimage","url":"https:\/\/villamariaturismo.com.ar\/deporte-turismo\/wp-content\/uploads\/2024\/11\/c63dc583f970490184df605e27bf7c34.jpeg","contentUrl":"https:\/\/villamariaturismo.com.ar\/deporte-turismo\/wp-content\/uploads\/2024\/11\/c63dc583f970490184df605e27bf7c34.jpeg","width":800,"height":600},{"@type":"BreadcrumbList","@id":"http:\/\/villamariaturismo.com.ar\/deporte-turismo\/event\/villa-maria-celebro-los-150-anos-de-la-parroquia-inmaculada-concepcion-sede-de-la-iglesia-catedral\/#breadcrumb","itemListElement":[{"@type":"ListItem","position":1,"name":"Portada","item":"https:\/\/villamariaturismo.com.ar\/deporte-turismo\/"},{"@type":"ListItem","position":2,"name":"Eventos","item":"http:\/\/villamariaturismo.com.ar\/deporte-turismo\/events\/"},{"@type":"ListItem","position":3,"name":"Villa Mar\u00eda celebr\u00f3 los 150 a\u00f1os de la Parroquia Inmaculada Concepci\u00f3n, sede de la Iglesia Catedral"}]},{"@type":"WebSite","@id":"https:\/\/villamariaturismo.com.ar\/deporte-turismo\/#website","url":"https:\/\/villamariaturismo.com.ar\/deporte-turismo\/","name":"Villa Maria Deporte y Turismo","description":"Secretaria de deporte y turismo de Villa Mar\u00eda","publisher":{"@id":"https:\/\/villamariaturismo.com.ar\/deporte-turismo\/#organization"},"potentialAction":[{"@type":"SearchAction","target":{"@type":"EntryPoint","urlTemplate":"https:\/\/villamariaturismo.com.ar\/deporte-turismo\/?s={search_term_string}"},"query-input":{"@type":"PropertyValueSpecification","valueRequired":true,"valueName":"search_term_string"}}],"inLanguage":"es"},{"@type":"Organization","@id":"https:\/\/villamariaturismo.com.ar\/deporte-turismo\/#organization","name":"Villa Maria Deporte y Turismo","url":"https:\/\/villamariaturismo.com.ar\/deporte-turismo\/","logo":{"@type":"ImageObject","inLanguage":"es","@id":"https:\/\/villamariaturismo.com.ar\/deporte-turismo\/#\/schema\/logo\/image\/","url":"https:\/\/villamariaturismo.com.ar\/deporte-turismo\/wp-content\/uploads\/2024\/11\/logo_tte-e1730601264887.png","contentUrl":"https:\/\/villamariaturismo.com.ar\/deporte-turismo\/wp-content\/uploads\/2024\/11\/logo_tte-e1730601264887.png","width":580,"height":290,"caption":"Villa Maria Deporte y Turismo"},"image":{"@id":"https:\/\/villamariaturismo.com.ar\/deporte-turismo\/#\/schema\/logo\/image\/"},"sameAs":["https:\/\/www.instagram.com\/villamariaturismo\/?hl=es"]}]}},"_links":{"self":[{"href":"https:\/\/villamariaturismo.com.ar\/deporte-turismo\/wp-json\/wp\/v2\/tribe_events\/1260","targetHints":{"allow":["GET"]}}],"collection":[{"href":"https:\/\/villamariaturismo.com.ar\/deporte-turismo\/wp-json\/wp\/v2\/tribe_events"}],"about":[{"href":"https:\/\/villamariaturismo.com.ar\/deporte-turismo\/wp-json\/wp\/v2\/types\/tribe_events"}],"author":[{"embeddable":true,"href":"https:\/\/villamariaturismo.com.ar\/deporte-turismo\/wp-json\/wp\/v2\/users\/2"}],"version-history":[{"count":1,"href":"https:\/\/villamariaturismo.com.ar\/deporte-turismo\/wp-json\/wp\/v2\/tribe_events\/1260\/revisions"}],"predecessor-version":[{"id":1262,"href":"https:\/\/villamariaturismo.com.ar\/deporte-turismo\/wp-json\/wp\/v2\/tribe_events\/1260\/revisions\/1262"}],"wp:featuredmedia":[{"embeddable":true,"href":"https:\/\/villamariaturismo.com.ar\/deporte-turismo\/wp-json\/wp\/v2\/media\/1261"}],"wp:attachment":[{"href":"https:\/\/villamariaturismo.com.ar\/deporte-turismo\/wp-json\/wp\/v2\/media?parent=1260"}],"wp:term":[{"taxonomy":"post_tag","embeddable":true,"href":"https:\/\/villamariaturismo.com.ar\/deporte-turismo\/wp-json\/wp\/v2\/tags?post=1260"},{"taxonomy":"tribe_events_cat","embeddable":true,"href":"https:\/\/villamariaturismo.com.ar\/deporte-turismo\/wp-json\/wp\/v2\/tribe_events_cat?post=1260"}],"curies":[{"name":"wp","href":"https:\/\/api.w.org\/{rel}","templated":true}]}}